{"id":269,"date":"2024-12-10T14:12:12","date_gmt":"2024-12-10T11:12:12","guid":{"rendered":"https:\/\/silvafun.ro\/?page_id=269"},"modified":"2026-01-21T12:56:33","modified_gmt":"2026-01-21T09:56:33","slug":"csereyfarkas","status":"publish","type":"page","link":"https:\/\/silvafun.ro\/ro\/csereyfarkas\/","title":{"rendered":"ifj. Cserey Farkas"},"content":{"rendered":"<h2 class=\"wp-block-heading has-text-align-center\"><strong>A \u201cmegvil\u00e1gosod\u00e1s\u201d t\u00fcnd\u00f6kl\u0151 \u00fcst\u00f6k\u00f6se: ifj.&nbsp;Cserey Farkas <\/strong><\/h2>\n\n\n\n<p class=\"has-text-align-center\"><strong>1773 &#8211; 1842<\/strong><\/p>\n\n\n\n<iframe loading=\"lazy\" src=\"https:\/\/docs.google.com\/presentation\/d\/1Yk0TKjWZ-UVHDRC4S9tqRXjEAHdyx998\/preview?start=false&#038;loop=false&#038;delayms=3000\" frameborder=\"0\" width=\"1180\" height=\"649\" allowfullscreen=\"true\" mozallowfullscreen=\"true\" webkitallowfullscreen=\"true\"><\/iframe>\n\n\n\n<p class=\"has-text-align-center\">\u00c9letrajzi kronol\u00f3gi\u00e1ja avagy B\u00e9cst\u0151l B\u00e9csig, egy k\u00e9t \u00e9vtizedes krasznai kit\u00e9r\u0151vel<\/p>\n\n\n\n<figure class=\"wp-block-table\"><table class=\"has-fixed-layout\"><tbody><tr><td>&nbsp;<\/td><td>1773. okt\u00f3ber 28.<\/td><td><strong>megsz\u00fcletik<\/strong> B\u00e9csben.<\/td><\/tr><tr><td>4 \u00e9ves<\/td><td>1777<\/td><td>\u00e9desapja M\u00e1ria Ter\u00e9zia cs\u00e1sz\u00e1rn\u0151t\u0151l megkapja a krasznai \u00e9s tasn\u00e1di uradalmakat.<\/td><\/tr><tr><td>6<\/td><td>1779<\/td><td>b\u00e1tyja, L\u0151rinc a nyugalomba vonult atyjukkal egy\u00fctt Kraszn\u00e1ra \u00e9rkezik.<\/td><\/tr><tr><td>9<\/td><td>1782<\/td><td>meghal az apja, id. Cserey Farkas.<\/td><\/tr><tr><td>25<\/td><td>1798<\/td><td><strong>megn\u0151s\u00fcl<\/strong>, feles\u00e9ge Haller Krisztina, Haller G\u00e1bor f\u0151isp\u00e1n l\u00e1nya.<\/td><\/tr><tr><td>27<\/td><td>1800 k\u00f6r\u00fcl<\/td><td>Kraszn\u00e1ra telepszik.<\/td><\/tr><tr><td>&nbsp;<\/td><td>&nbsp;<\/td><td>leford\u00edtotta F. Gotter: A fekete ember c. v\u00edgj\u00e1t\u00e9k\u00e1t, melyet megjelentet Kolozsv\u00e1ron.<\/td><\/tr><tr><td>32<\/td><td>1805<\/td><td>Kazinczy els\u0151 l\u00e1togat\u00e1sa Kraszn\u00e1n Csereyn\u00e9l.<\/td><\/tr><tr><td>&nbsp;<\/td><td>&nbsp;<\/td><td>az els\u0151 alkalom, amikor beadv\u00e1nyt terjeszt el\u0151 az \u201cAcademicus Senatusnak\u201d egy orsz\u00e1gos f\u0171v\u00e9szkert l\u00e9trehoz\u00e1s\u00e1r\u00f3l Kolozsv\u00e1ron.<\/td><\/tr><tr><td>33<\/td><td>1806<\/td><td>Fazekas Mih\u00e1ly, a Magyar F\u0171v\u00e9szk\u00f6nyv \u00e9s L\u00fadas Matyi szerz\u0151je l\u00e1togatja meg Cserey f\u0171v\u00e9szkertj\u00e9t.<\/td><\/tr><tr><td>&nbsp;<\/td><td>&nbsp;<\/td><td>megjelenik Nagyv\u00e1radon <em>A falusi nevel\u00e9s m\u00f3dj\u00e1r\u00f3l val\u00f3 v\u00e9leked\u00e9s<\/em> c\u00edm\u0171 k\u00f6nnyve.<\/td><\/tr><tr><td>34<\/td><td>1807<\/td><td>n\u00e9gy koll\u00e9giumnak (s\u00e1rospataki, debreceni, marosv\u00e1s\u00e1rhelyi, kolozsv\u00e1ri) aj\u00e1nlotta fel seg\u00edts\u00e9g\u00e9t f\u0171v\u00e9szkert l\u00e9tes\u00edt\u00e9s\u00e9re.<\/td><\/tr><tr><td>&nbsp;<\/td><td>&nbsp;<\/td><td>a j\u00e9nai botanikus kert igazgat\u00f3j\u00e1t\u00f3l 213 exotikus n\u00f6v\u00e9nymagokat tartalmaz\u00f3 sz\u00e1ll\u00edtm\u00e1nyt kap.<\/td><\/tr><tr><td>37<\/td><td>1810<\/td><td>az Erd\u00e9lyi Muz\u00e9um c\u00edm\u0171 foly\u00f3irat \u00e9vi el\u0151fizet\u00e9si felh\u00edv\u00e1sainak k\u00f6lts\u00e9g\u00e9t mag\u00e1ra v\u00e1llalta.<\/td><\/tr><tr><td>38<\/td><td>1811<\/td><td>leford\u00edtotta Willdenow Anleitung zum Selbstudium der Botanik (\u00datmutat\u00f3 a botanika \u00f6n\u00e1ll\u00f3 tanulm\u00e1nyoz\u00e1s\u00e1hoz) c\u00edm\u0171 m\u0171v\u00e9t.<\/td><\/tr><tr><td>40<\/td><td>1813<\/td><td>a segesv\u00e1ri orvos-botanikus Johann Cristian Baumgarten a vend\u00e9ge.<\/td><\/tr><tr><td>&nbsp;<\/td><td>&nbsp;<\/td><td>k\u00f6nyvet ad ki <em>Le\u00edr\u00e1sa azon Hazai Pl\u00e1nt\u00e1knak, melyek a H\u00e1z Tart\u00e1s\u00e1ban, k\u00e9z m\u0171vekbe foganatosan haszn\u00e1ltatnak<\/em> c\u00edmmel.<\/td><\/tr><tr><td>&nbsp;<\/td><td>&nbsp;<\/td><td>tervezetet k\u00fcld\u00f6tt be az erd\u00e9lyi Guberniumhoz egy Erd\u00e9lyben l\u00e9tes\u00edtend\u0151 botanikus kertr\u0151l, melyet Kolozsv\u00e1ron szeretett volna megval\u00f3s\u00edtani.<\/td><\/tr><tr><td>43<\/td><td>1816<\/td><td>az uralkod\u00f3hoz fordul, hogy a kolozsv\u00e1ri akad\u00e9mi\u00e1n \u00e1ll\u00edtsanak fel botanikai tansz\u00e9ket.<\/td><\/tr><tr><td>&nbsp;<\/td><td>1816.<\/td><td>Kazinczy m\u00e1sodik l\u00e1togat\u00e1sa Kraszn\u00e1n (j\u00fanius 26.)<\/td><\/tr><tr><td>&nbsp;<\/td><td>&nbsp;<\/td><td>meghal a feles\u00e9ge, Haller Krisztina.<\/td><\/tr><tr><td>44<\/td><td>1817<\/td><td>a nagy \u00e9h\u00edns\u00e9g miatt a szeg\u00e9ny lakosoknak t\u00f6bb ezer forint \u00e1ra gabon\u00e1t oszt sz\u00e9t, h\u00e1rom \u00e9vi tizedet \u00e9s 2200 napsz\u00e1mot enged el.<\/td><\/tr><tr><td>47<\/td><td>1820<\/td><td>v\u00e9gleg B\u00e9csbe k\u00f6lt\u00f6zik, sz\u00e1ll\u00e1sa a Trattner-h\u00e1zn\u00e1l van.<\/td><\/tr><tr><td>52<\/td><td>1825-t\u0151l<\/td><td>r\u00e9szt vesz a reform-orsz\u00e1ggy\u0171l\u00e9seken.<\/td><\/tr><tr><td>69<\/td><td>1842. december 25.<\/td><td><strong>meghal<\/strong> B\u00e9csben.<\/td><\/tr><\/tbody><\/table><\/figure>\n\n\n\n<p class=\"has-text-align-right\">\u00d6ssze\u00e1ll\u00edtotta: Kiss Zolt\u00e1n, tt.<\/p>\n\n\n\n<p><\/p>","protected":false},"excerpt":{"rendered":"<p>A \u201cmegvil\u00e1gosod\u00e1s\u201d t\u00fcnd\u00f6kl\u0151 \u00fcst\u00f6k\u00f6se: ifj.&nbsp;Cserey Farkas 1773 &#8211; 1842 \u00c9letrajzi kronol\u00f3gi\u00e1ja avagy B\u00e9cst\u0151l B\u00e9csig, egy k\u00e9t \u00e9vtizedes krasznai kit\u00e9r\u0151vel &nbsp; 1773. okt\u00f3ber 28. megsz\u00fcletik B\u00e9csben. 4 \u00e9ves 1777 \u00e9desapja M\u00e1ria Ter\u00e9zia cs\u00e1sz\u00e1rn\u0151t\u0151l megkapja a krasznai \u00e9s tasn\u00e1di uradalmakat. 6 1779 b\u00e1tyja, L\u0151rinc a nyugalomba vonult atyjukkal egy\u00fctt Kraszn\u00e1ra \u00e9rkezik. 9 1782 meghal az apja, id. &hellip; <\/p>\n<p class=\"link-more\"><a href=\"https:\/\/silvafun.ro\/ro\/csereyfarkas\/\" class=\"more-link\">Cite\u0219te mai multe<span class=\"screen-reader-text\">\u201eifj. Cserey Farkas\u201d<\/span><\/a><\/p>","protected":false},"author":1,"featured_media":0,"parent":0,"menu_order":0,"comment_status":"closed","ping_status":"closed","template":"","meta":{"footnotes":""},"class_list":["post-269","page","type-page","status-publish","hentry"],"featured_media_urls":[],"_links":{"self":[{"href":"https:\/\/silvafun.ro\/ro\/wp-json\/wp\/v2\/pages\/269","targetHints":{"allow":["GET"]}}],"collection":[{"href":"https:\/\/silvafun.ro\/ro\/wp-json\/wp\/v2\/pages"}],"about":[{"href":"https:\/\/silvafun.ro\/ro\/wp-json\/wp\/v2\/types\/page"}],"author":[{"embeddable":true,"href":"https:\/\/silvafun.ro\/ro\/wp-json\/wp\/v2\/users\/1"}],"replies":[{"embeddable":true,"href":"https:\/\/silvafun.ro\/ro\/wp-json\/wp\/v2\/comments?post=269"}],"version-history":[{"count":0,"href":"https:\/\/silvafun.ro\/ro\/wp-json\/wp\/v2\/pages\/269\/revisions"}],"wp:attachment":[{"href":"https:\/\/silvafun.ro\/ro\/wp-json\/wp\/v2\/media?parent=269"}],"curies":[{"name":"wp","href":"https:\/\/api.w.org\/{rel}","templated":true}]}}